{"id":2,"date":"2021-10-02T10:09:57","date_gmt":"2021-10-02T08:09:57","guid":{"rendered":"http:\/\/pechanous.org\/?page_id=2"},"modified":"2025-09-15T17:47:44","modified_gmt":"2025-09-15T15:47:44","slug":"relais-epicerie","status":"publish","type":"page","link":"http:\/\/pechanous.org\/index.php\/relais-epicerie\/","title":{"rendered":"March\u00e9 du mercredi soir \/ Relai \u00e9picerie s\u00e8che"},"content":{"rendered":"\n<p><strong>March\u00e9 de plein vent tous les mercredis soirs de 17h \u00e0 19h30<\/strong><br>sous la jolie halle de P\u00e9chabou, \u00e0 c\u00f4t\u00e9 du bar et de la Mairie (rue du fort) avec <\/p>\n\n\n\n<ul class=\"wp-block-list\">\n<li>Les pains de Jo\u00ebl, sur commande avant le mardi midi sur <a href=\"http:\/\/www.lespetitspains.fr\">www.lespetitspains.fr<\/a><\/li>\n\n\n\n<li>Les l\u00e9gumes bio et de saison de Thierry &#8211; <em>Les jardins du fort 31 <\/em>(<a href=\"https:\/\/app.cagette.net\/lesjardinsdufort31\">paniers \u00e0 commander sur son site<\/a>)<\/li>\n\n\n\n<li>Les produits d&rsquo;\u00e9picerie fine italienne de la Casa Ugo : p\u00e2tes fraiches et traiteur sucr\u00e9 et sal\u00e9 <\/li>\n\n\n\n<li><mark style=\"background-color:#00d084\" class=\"has-inline-color has-white-color\">NOUVEAU<\/mark><mark style=\"background-color:rgba(0, 0, 0, 0)\" class=\"has-inline-color has-vivid-red-color\"> <\/mark>: les cookies et les cakes sains et gourmands de Lia. A commander <a href=\"https:\/\/atelier-cookie-de-lia.fr\/\">sur son site<\/a> et livr\u00e9s au bar les mercredis et les vendredis<\/li>\n<\/ul>\n\n\n\n<figure class=\"wp-block-image size-full\"><img loading=\"lazy\" decoding=\"async\" width=\"849\" height=\"838\" src=\"http:\/\/pechanous.org\/wp-content\/uploads\/2023\/10\/halle-v.png\" alt=\"\" class=\"wp-image-586\" srcset=\"http:\/\/pechanous.org\/wp-content\/uploads\/2023\/10\/halle-v.png 849w, http:\/\/pechanous.org\/wp-content\/uploads\/2023\/10\/halle-v-300x296.png 300w, http:\/\/pechanous.org\/wp-content\/uploads\/2023\/10\/halle-v-768x758.png 768w\" sizes=\"auto, (max-width: 849px) 100vw, 849px\" \/><\/figure>\n\n\n\n<p><\/p>\n\n\n\n<p><strong>Petite \u00e9picerie \u00ab\u00a0s\u00e8che\u00a0\u00bb au bar <\/strong><\/p>\n\n\n\n<p>Nous sommes heureux de vous proposer \u00e0 la vente, sur place au bar (Salle des Glaces) des <strong>produits locaux de qualit\u00e9. <\/strong><br>Vous trouverez en vente \u00e0 l\u2019\u00e9picerie :<\/p>\n\n\n\n<ul class=\"wp-block-list\">\n<li>de d\u00e9licieuses <strong>tartinades cr\u00e9meuses<\/strong> en pot : carotte-gingembre, mangue-curry, poivronnade piquante, aubergine-menthe&#8230;<\/li>\n\n\n\n<li>de tr\u00e8s bonnes <strong>terrines du pays<\/strong> du Lauragais : rillettes poulet-citron, p\u00e2t\u00e9s au piment d&rsquo;Espelette, rillettes de canard au foie gras, terrines foresti\u00e8res&#8230;<\/li>\n\n\n\n<li>des <strong>bi\u00e8res<\/strong> de L\u2019Oustal (Brasserie de Bazi\u00e8ge) et la bi\u00e8re Caporal (brass\u00e9e \u00e0 Toulouse)<\/li>\n\n\n\n<li>des <strong>vins<\/strong> de petits producteurs raisonn\u00e9s ou Bio<\/li>\n\n\n\n<li>des <strong>p\u00e2tes <\/strong>s\u00e8ches bio du Tarn (Soci\u00e9t\u00e9 Bapla) : coquillettes, tortillous, penn\u00e9s, pour d\u00e9panner !<\/li>\n<\/ul>\n\n\n\n<p><\/p>\n\n\n\n<p class=\"has-white-color has-vivid-green-cyan-background-color has-text-color has-background has-medium-font-size\"><strong>ZOOM sur nos producteurs du march\u00e9 du mercredi <\/strong><br>Le march\u00e9 du mercredi s\u2019aggrandit donc sous la halle, \u00e0 c\u00f4t\u00e9 du bar : un boulanger, un maraicher, et maintenant des produits italiens, venez faire un tour !<\/p>\n\n\n\n<p class=\"has-medium-font-size\"><strong><mark style=\"background-color:#00d084\" class=\"has-inline-color has-white-color\">PAINS FRAIS !<\/mark><mark style=\"background-color:rgba(0, 0, 0, 0)\" class=\"has-inline-color has-vivid-green-cyan-color\"> <\/mark><\/strong>:<strong> Une livraison de pain<\/strong>, ultra bio et local, <strong>\u00e0 commander avant le mardi, livr\u00e9 tout frais le mercredi au bar<\/strong> !<br>Les petits Pains de Jo, c&rsquo;est une <strong>micro-boulangerie cr\u00e9\u00e9e par Jo\u00ebl Bernis<\/strong>, un P\u00e9chabollien. Chaque semaine il enfourne votre pain \u00ab\u00a0sur mesure\u00a0\u00bb \u00e0 choisir parmi 6 vari\u00e9t\u00e9s (nature, aux graines, noisettes\/raisins secs&#8230; ) et vous le livre dans la foul\u00e9e. <br>Les commandes se font avant le mardi 12h (pour laisser le temps au levain de la p\u00e2te de lui donner tout son ar\u00f4me) sur le site <strong><a href=\"https:\/\/lespetitspains.fr\/\">lespetitspains.fr<\/a> .<\/strong><br>Vous pouvez vous abonner \u00e0 une livraison sur 8 semaines pour d\u00e9couvrir tous ses pains. Et cocher \u00ab\u00a0petit rappel du lundi\u00a0\u00bb sur son site pour ne pas oublier de commander \ud83d\ude42 <\/p>\n\n\n<div class=\"wp-block-image\">\n<figure class=\"aligncenter size-full\"><img loading=\"lazy\" decoding=\"async\" width=\"500\" height=\"252\" src=\"http:\/\/pechanous.org\/wp-content\/uploads\/2023\/02\/petit-pain.png\" alt=\"\" class=\"wp-image-455\" srcset=\"http:\/\/pechanous.org\/wp-content\/uploads\/2023\/02\/petit-pain.png 500w, http:\/\/pechanous.org\/wp-content\/uploads\/2023\/02\/petit-pain-300x151.png 300w\" sizes=\"auto, (max-width: 500px) 100vw, 500px\" \/><\/figure>\n<\/div>\n\n\n<p><br><mark style=\"background-color:#00d084\" class=\"has-inline-color has-white-color\"><strong>Une livraison de COOKIES et CAKE sains et gourmands des chez Lia<\/strong><\/mark><br><strong>&#8211; Sur commande, livraison les mercredis et vendredis au bar &#8211;<\/strong><br>Des cookies aux milles parfums, la vanille est bio, le caramel beurre sal\u00e9 est fait maison&#8230; Les gouter c&rsquo;est les adopter ! Plus d&rsquo;infos et le lien pour commander ici : <a href=\"https:\/\/atelier-cookie-de-lia.fr\/\">https:\/\/atelier-cookie-de-lia.fr\/<\/a><\/p>\n\n\n\n<figure class=\"wp-block-image size-large\"><img loading=\"lazy\" decoding=\"async\" width=\"1024\" height=\"383\" src=\"http:\/\/pechanous.org\/wp-content\/uploads\/2025\/09\/4cookie-1024x383.png\" alt=\"\" class=\"wp-image-975\" srcset=\"http:\/\/pechanous.org\/wp-content\/uploads\/2025\/09\/4cookie-1024x383.png 1024w, http:\/\/pechanous.org\/wp-content\/uploads\/2025\/09\/4cookie-300x112.png 300w, http:\/\/pechanous.org\/wp-content\/uploads\/2025\/09\/4cookie-768x287.png 768w, http:\/\/pechanous.org\/wp-content\/uploads\/2025\/09\/4cookie.png 1482w\" sizes=\"auto, (max-width: 1024px) 100vw, 1024px\" \/><\/figure>\n\n\n\n<p class=\"has-black-color has-text-color has-medium-font-size\"><strong><mark style=\"background-color:#00d084\" class=\"has-inline-color has-white-color\">Une livraison de LEGUMES BIO tous les mercredis soirs,<\/mark> <\/strong><\/p>\n\n\n\n<p class=\"has-medium-font-size\"><strong>-A commander pour \u00eatre livr\u00e9 au bar le mercredi &#8211;<\/strong><br>Des l\u00e9gumes de saison Thierry Duprat, maraicher bio \u00e0 Clermont-le-fort. C<br>L\u00e9gumes du moment, en circuit ultra court en vente directe , commande ici : <a href=\"https:\/\/app.cagette.net\/lesjardinsdufort31\">https:\/\/app.cagette.net\/lesjardinsdufort31<\/a>. <br>Son mail : lesjardinsdufort31@gmail.com.<\/p>\n\n\n<div class=\"wp-block-image\">\n<figure class=\"aligncenter size-full is-resized\"><img loading=\"lazy\" decoding=\"async\" width=\"579\" height=\"431\" src=\"http:\/\/pechanous.org\/wp-content\/uploads\/2022\/09\/panier-Jardins-du-fort.png\" alt=\"\" class=\"wp-image-355\" style=\"width:403px;height:300px\" srcset=\"http:\/\/pechanous.org\/wp-content\/uploads\/2022\/09\/panier-Jardins-du-fort.png 579w, http:\/\/pechanous.org\/wp-content\/uploads\/2022\/09\/panier-Jardins-du-fort-300x223.png 300w\" sizes=\"auto, (max-width: 579px) 100vw, 579px\" \/><\/figure>\n<\/div>\n\n\n<p><\/p>\n\n\n\n<p class=\"has-medium-font-size\"><mark style=\"background-color:#00d084\" class=\"has-inline-color has-white-color\"><strong>Les produits d&rsquo;\u00e9picerie fine italienne de la Casa Ugo <\/strong><\/mark><\/p>\n\n\n\n<p class=\"has-medium-font-size\"><strong>Des produits italiens \u00e0 tomber ! <\/strong>: Antispasti, p\u00e2tes fraiches, raviolis frais, plats cuisin\u00e9s&nbsp; (lasagne, polenta, arancini&#8230;), tiramisu, panna cota, charcuteries et fromages de la CASA UGO&nbsp;!<\/p>\n\n\n\n<figure class=\"wp-block-gallery has-nested-images columns-default is-cropped wp-block-gallery-1 is-layout-flex wp-block-gallery-is-layout-flex\">\n<figure class=\"wp-block-image size-large\"><img loading=\"lazy\" decoding=\"async\" width=\"240\" height=\"320\" data-id=\"588\" src=\"http:\/\/pechanous.org\/wp-content\/uploads\/2023\/10\/stand-Casa-Ugo.jpg\" alt=\"\" class=\"wp-image-588\" srcset=\"http:\/\/pechanous.org\/wp-content\/uploads\/2023\/10\/stand-Casa-Ugo.jpg 240w, http:\/\/pechanous.org\/wp-content\/uploads\/2023\/10\/stand-Casa-Ugo-225x300.jpg 225w\" sizes=\"auto, (max-width: 240px) 100vw, 240px\" \/><\/figure>\n\n\n\n<figure class=\"wp-block-image size-large\"><img loading=\"lazy\" decoding=\"async\" width=\"1024\" height=\"768\" data-id=\"831\" src=\"http:\/\/pechanous.org\/wp-content\/uploads\/2025\/01\/casa-ugo-1024x768.jpg\" alt=\"\" class=\"wp-image-831\" srcset=\"http:\/\/pechanous.org\/wp-content\/uploads\/2025\/01\/casa-ugo-1024x768.jpg 1024w, http:\/\/pechanous.org\/wp-content\/uploads\/2025\/01\/casa-ugo-300x225.jpg 300w, http:\/\/pechanous.org\/wp-content\/uploads\/2025\/01\/casa-ugo-768x576.jpg 768w, http:\/\/pechanous.org\/wp-content\/uploads\/2025\/01\/casa-ugo-1536x1152.jpg 1536w, http:\/\/pechanous.org\/wp-content\/uploads\/2025\/01\/casa-ugo.jpg 2048w\" sizes=\"auto, (max-width: 1024px) 100vw, 1024px\" \/><\/figure>\n<\/figure>\n\n\n\n<p><\/p>\n\n\n\n<p>De quoi auriez-vous besoin ? Vous connaitriez des producteurs int\u00e9ress\u00e9s ? Venez d\u00e9velopper cette activit\u00e9 avec nous ! <\/p>\n\n\n\n<p><\/p>\n\n\n\n<p><strong><mark style=\"background-color:#00d084\" class=\"has-inline-color has-white-color\">Petits produits \u00ab\u00a0secs\u00a0\u00bb toujours disponibles sur les \u00e9tag\u00e8res du bar : <\/mark><\/strong><\/p>\n\n\n\n<figure class=\"wp-block-image size-full is-resized\"><img loading=\"lazy\" decoding=\"async\" width=\"503\" height=\"728\" src=\"http:\/\/pechanous.org\/wp-content\/uploads\/2022\/07\/produits-epicerie.png\" alt=\"\" class=\"wp-image-260\" style=\"width:608px;height:880px\" srcset=\"http:\/\/pechanous.org\/wp-content\/uploads\/2022\/07\/produits-epicerie.png 503w, http:\/\/pechanous.org\/wp-content\/uploads\/2022\/07\/produits-epicerie-207x300.png 207w\" sizes=\"auto, (max-width: 503px) 100vw, 503px\" \/><\/figure>\n","protected":false},"excerpt":{"rendered":"<div class=\"entry-summary\">\nMarch\u00e9 de plein vent tous les mercredis soirs de 17h \u00e0 19h30sous&hellip;\n<\/div>\n<div class=\"link-more\"><a href=\"http:\/\/pechanous.org\/index.php\/relais-epicerie\/\" class=\"more-link\">Continue reading<span class=\"screen-reader-text\"> &ldquo;March\u00e9 du mercredi soir \/ Relai \u00e9picerie s\u00e8che&rdquo;<\/span>&hellip;<\/a><\/div>\n","protected":false},"author":1,"featured_media":0,"parent":0,"menu_order":0,"comment_status":"closed","ping_status":"closed","template":"","meta":{"footnotes":""},"class_list":["post-2","page","type-page","status-publish","hentry","entry"],"_links":{"self":[{"href":"http:\/\/pechanous.org\/index.php\/wp-json\/wp\/v2\/pages\/2","targetHints":{"allow":["GET"]}}],"collection":[{"href":"http:\/\/pechanous.org\/index.php\/wp-json\/wp\/v2\/pages"}],"about":[{"href":"http:\/\/pechanous.org\/index.php\/wp-json\/wp\/v2\/types\/page"}],"author":[{"embeddable":true,"href":"http:\/\/pechanous.org\/index.php\/wp-json\/wp\/v2\/users\/1"}],"replies":[{"embeddable":true,"href":"http:\/\/pechanous.org\/index.php\/wp-json\/wp\/v2\/comments?post=2"}],"version-history":[{"count":23,"href":"http:\/\/pechanous.org\/index.php\/wp-json\/wp\/v2\/pages\/2\/revisions"}],"predecessor-version":[{"id":976,"href":"http:\/\/pechanous.org\/index.php\/wp-json\/wp\/v2\/pages\/2\/revisions\/976"}],"wp:attachment":[{"href":"http:\/\/pechanous.org\/index.php\/wp-json\/wp\/v2\/media?parent=2"}],"curies":[{"name":"wp","href":"https:\/\/api.w.org\/{rel}","templated":true}]}}